{"id":685,"date":"2021-03-22T16:14:41","date_gmt":"2021-03-22T15:14:41","guid":{"rendered":"http:\/\/csbpn.org\/?page_id=685"},"modified":"2021-09-27T15:38:46","modified_gmt":"2021-09-27T13:38:46","slug":"blog-memoire","status":"publish","type":"page","link":"https:\/\/csbpn.org\/index.php\/blog-memoire\/","title":{"rendered":"Blog m\u00e9moire"},"content":{"rendered":"\t\t<div data-elementor-type=\"wp-page\" data-elementor-id=\"685\" class=\"elementor elementor-685\" data-elementor-post-type=\"page\">\n\t\t\t\t\t\t<section class=\"elementor-section elementor-top-section elementor-element elementor-element-8233a0f elementor-section-height-min-height elementor-section-boxed elementor-section-height-default elementor-section-items-middle\" data-id=\"8233a0f\" data-element_type=\"section\" data-e-type=\"section\" data-settings=\"{&quot;background_background&quot;:&quot;classic&quot;}\">\n\t\t\t\t\t\t\t<div class=\"elementor-background-overlay\"><\/div>\n\t\t\t\t\t\t\t<div class=\"elementor-container elementor-column-gap-default\">\n\t\t\t\t\t<div class=\"elementor-column elementor-col-100 elementor-top-column elementor-element elementor-element-c1e8214\" data-id=\"c1e8214\" data-element_type=\"column\" data-e-type=\"column\">\n\t\t\t<div class=\"elementor-widget-wrap elementor-element-populated\">\n\t\t\t\t\t\t<div class=\"elementor-element elementor-element-aebbd7d elementor-widget elementor-widget-heading\" data-id=\"aebbd7d\" data-element_type=\"widget\" data-e-type=\"widget\" data-widget_type=\"heading.default\">\n\t\t\t\t<div class=\"elementor-widget-container\">\n\t\t\t\t\t<h2 class=\"elementor-heading-title elementor-size-large\">Fabrique de la M\u00e9moire collective<\/h2>\t\t\t\t<\/div>\n\t\t\t\t<\/div>\n\t\t\t\t<div class=\"elementor-element elementor-element-d3d6457 elementor-widget-divider--view-line elementor-widget elementor-widget-divider\" data-id=\"d3d6457\" data-element_type=\"widget\" data-e-type=\"widget\" data-widget_type=\"divider.default\">\n\t\t\t\t<div class=\"elementor-widget-container\">\n\t\t\t\t\t\t\t<div class=\"elementor-divider\">\n\t\t\t<span class=\"elementor-divider-separator\">\n\t\t\t\t\t\t<\/span>\n\t\t<\/div>\n\t\t\t\t\t\t<\/div>\n\t\t\t\t<\/div>\n\t\t\t\t\t<\/div>\n\t\t<\/div>\n\t\t\t\t\t<\/div>\n\t\t<\/section>\n\t\t\t\t<section class=\"elementor-section elementor-top-section elementor-element elementor-element-01f4547 elementor-section-height-min-height elementor-section-content-middle elementor-section-boxed elementor-section-height-default elementor-section-items-middle\" data-id=\"01f4547\" data-element_type=\"section\" data-e-type=\"section\" data-settings=\"{&quot;background_background&quot;:&quot;classic&quot;}\">\n\t\t\t\t\t\t<div class=\"elementor-container elementor-column-gap-default\">\n\t\t\t\t\t<div class=\"elementor-column elementor-col-100 elementor-top-column elementor-element elementor-element-7dbdfb2\" data-id=\"7dbdfb2\" data-element_type=\"column\" data-e-type=\"column\">\n\t\t\t<div class=\"elementor-widget-wrap elementor-element-populated\">\n\t\t\t\t\t\t<div class=\"elementor-element elementor-element-2e2620a elementor-widget-divider--view-line elementor-widget elementor-widget-divider\" data-id=\"2e2620a\" data-element_type=\"widget\" data-e-type=\"widget\" data-widget_type=\"divider.default\">\n\t\t\t\t<div class=\"elementor-widget-container\">\n\t\t\t\t\t\t\t<div class=\"elementor-divider\">\n\t\t\t<span class=\"elementor-divider-separator\">\n\t\t\t\t\t\t<\/span>\n\t\t<\/div>\n\t\t\t\t\t\t<\/div>\n\t\t\t\t<\/div>\n\t\t\t\t<div class=\"elementor-element elementor-element-9ca0519 elementor-widget elementor-widget-heading\" data-id=\"9ca0519\" data-element_type=\"widget\" data-e-type=\"widget\" data-widget_type=\"heading.default\">\n\t\t\t\t<div class=\"elementor-widget-container\">\n\t\t\t\t\t<h3 class=\"elementor-heading-title elementor-size-large\">Quel est ce projet ?\n<\/h3>\t\t\t\t<\/div>\n\t\t\t\t<\/div>\n\t\t\t\t<div class=\"elementor-element elementor-element-5d64a7d elementor-widget elementor-widget-text-editor\" data-id=\"5d64a7d\" data-element_type=\"widget\" data-e-type=\"widget\" data-widget_type=\"text-editor.default\">\n\t\t\t\t<div class=\"elementor-widget-container\">\n\t\t\t\t\t\t\t\t\t<p><span style=\"font-weight: 400;\">Pour nous, les villes changent, des quartiers, comme celui de la Bourgogne, se transforment et le r\u00f4le des politiques publiques &#8211; que ce soient celles de l&rsquo;\u00c9tat ou des collectivit\u00e9s territoriales &#8211; est de veiller \u00e0 ce qu&rsquo;elles soient b\u00e9n\u00e9fiques \u00e0 leurs habitants. Cependant, ce qui dispara\u00eet et se transforme n&rsquo;est pas toujours d&rsquo;ordre mat\u00e9riel. Ce peut \u00eatre l&rsquo;habitude prise de certains cheminements, des d\u00e9tails du paysage urbain auxquels on a accroch\u00e9 des souvenirs d&rsquo;enfance, la possibilit\u00e9 de trouver chez les autres habitants du quartier quelque chose de soi qui ait qu&rsquo;on se sent \u00ab\u00a0d&rsquo;ici\u00a0\u00bb m\u00eame lorsque l&rsquo;on vient d&rsquo;ailleurs\u2026 Mille petites ou grandes choses qui constituent la m\u00e9moire d&rsquo;un quartier ou de ses habitants et sans lesquelles il ne saurait y avoir de vie sociale.\u00a0<\/span><\/p><p><span style=\"font-weight: 400;\">C&rsquo;est la raison pour laquelle il est important, notamment lorsqu&rsquo;un quartier se transf<\/span>orme \u00e0 l&rsquo;occasion d&rsquo;une op\u00e9ration de r\u00e9novation urbaine, d&rsquo;\u00eatre attentif \u00e0 ce que la m\u00e9moire se transmette, la \u00ab\u00a0m\u00e9moire des lieux\u00a0\u00bb comme \u00ab\u00a0la m\u00e9moire des habitants\u00a0\u00bb.\u00a0<\/p><p><span style=\"font-weight: 400;\">Le centre social m\u00e8ne depuis plusieurs mois, voire plusieurs ann\u00e9es, des travaux de r\u00e9colte de la m\u00e9moire du quartier sous la forme d&rsquo;entretiens enregistr\u00e9s et\/ou film\u00e9s ainsi que sous la forme d&rsquo;ateliers d&rsquo;\u00e9changes collectifs compos\u00e9s d&rsquo;un groupe multi- g\u00e9n\u00e9rationnel de 25 habitants ou anciens habitants, issus de l&rsquo;immigration ou non. Ce sont aujourd&rsquo;hui plus de 15 entretiens individuels, 8 interviewes film\u00e9es, 10 ateliers collectifs et une premi\u00e8re table ronde organis\u00e9e au sein de l&rsquo;IMA \u00e0 l&rsquo;occasion de l&rsquo;exposition sur l&rsquo;Alg\u00e9rie de mars \u00e0 juillet 2019.\u00a0<\/span><\/p><p><span style=\"font-weight: 400;\">Ce travail de m\u00e9moire mis en place aupr\u00e8s des habitants nous a permis de d\u00e9velopper un v\u00e9ritable lien de confiance bas\u00e9e sur une reconnaissance de leur propre histoire. Par cette confiance, nous recevons de plus en plus de demandes de participation au pro et, le plus souvent sous la forme de t\u00e9moignages film\u00e9s ou non.\u00a0<\/span><\/p><p><span style=\"font-weight: 400;\">En 2020, le Centre Social, gr\u00e2ce \u00e0 la participation de la Pr\u00e9fecture du Nord, restituera cette magnifique m\u00e9moire de quartier sous une forme d&rsquo;une exposition artistique et d&rsquo;un ouvrage\u2026<\/span><\/p>\t\t\t\t\t\t\t\t<\/div>\n\t\t\t\t<\/div>\n\t\t\t\t\t<\/div>\n\t\t<\/div>\n\t\t\t\t\t<\/div>\n\t\t<\/section>\n\t\t\t\t<section class=\"elementor-section elementor-top-section elementor-element elementor-element-aedb63a elementor-section-boxed elementor-section-height-default elementor-section-height-default\" data-id=\"aedb63a\" data-element_type=\"section\" data-e-type=\"section\">\n\t\t\t\t\t\t<div class=\"elementor-container elementor-column-gap-default\">\n\t\t\t\t\t<div class=\"elementor-column elementor-col-100 elementor-top-column elementor-element elementor-element-5800997\" data-id=\"5800997\" data-element_type=\"column\" data-e-type=\"column\">\n\t\t\t<div class=\"elementor-widget-wrap elementor-element-populated\">\n\t\t\t\t\t\t<div class=\"elementor-element elementor-element-41319b6 elementor-widget elementor-widget-gallery\" data-id=\"41319b6\" data-element_type=\"widget\" data-e-type=\"widget\" data-settings=\"{&quot;gallery_layout&quot;:&quot;masonry&quot;,&quot;columns&quot;:2,&quot;lazyload&quot;:&quot;yes&quot;,&quot;columns_tablet&quot;:2,&quot;columns_mobile&quot;:1,&quot;gap&quot;:{&quot;unit&quot;:&quot;px&quot;,&quot;size&quot;:10,&quot;sizes&quot;:[]},&quot;gap_tablet&quot;:{&quot;unit&quot;:&quot;px&quot;,&quot;size&quot;:10,&quot;sizes&quot;:[]},&quot;gap_mobile&quot;:{&quot;unit&quot;:&quot;px&quot;,&quot;size&quot;:10,&quot;sizes&quot;:[]},&quot;content_hover_animation&quot;:&quot;fade-in&quot;}\" data-widget_type=\"gallery.default\">\n\t\t\t\t<div class=\"elementor-widget-container\">\n\t\t\t\t\t\t\t<div class=\"elementor-gallery__container\">\n\t\t\t\t\t\t\t<div class=\"e-gallery-item elementor-gallery-item elementor-animated-content\">\n\t\t\t\t\t<div class=\"e-gallery-image elementor-gallery-item__image\" data-thumbnail=\"https:\/\/csbpn.org\/wp-content\/uploads\/2021\/04\/DSC_0565-2048x1152.jpg\" data-width=\"2048\" data-height=\"1152\" aria-label=\"Atelier_fabrique_m\u00e9moire\" role=\"img\" ><\/div>\n\t\t\t\t\t\t\t\t\t\t\t\t\t\t<\/div>\n\t\t\t\t\t\t\t<div class=\"e-gallery-item elementor-gallery-item elementor-animated-content\">\n\t\t\t\t\t<div class=\"e-gallery-image elementor-gallery-item__image\" data-thumbnail=\"https:\/\/csbpn.org\/wp-content\/uploads\/2021\/04\/DSC_0006-2048x1152.jpg\" data-width=\"2048\" data-height=\"1152\" aria-label=\"Atelier_fabrique_m\u00e9moire\" role=\"img\" ><\/div>\n\t\t\t\t\t\t\t\t\t\t\t\t\t\t<\/div>\n\t\t\t\t\t\t\t<div class=\"e-gallery-item elementor-gallery-item elementor-animated-content\">\n\t\t\t\t\t<div class=\"e-gallery-image elementor-gallery-item__image\" data-thumbnail=\"https:\/\/csbpn.org\/wp-content\/uploads\/2021\/04\/IMG_20190626_143821-2048x1024.jpg\" data-width=\"2048\" data-height=\"1024\" aria-label=\"Atelier_fabrique_m\u00e9moire\" role=\"img\" ><\/div>\n\t\t\t\t\t\t\t\t\t\t\t\t\t\t<\/div>\n\t\t\t\t\t\t\t<div class=\"e-gallery-item elementor-gallery-item elementor-animated-content\">\n\t\t\t\t\t<div class=\"e-gallery-image elementor-gallery-item__image\" data-thumbnail=\"https:\/\/csbpn.org\/wp-content\/uploads\/2021\/04\/DSC_0562-2048x1152.jpg\" data-width=\"2048\" data-height=\"1152\" aria-label=\"Atelier_fabrique_m\u00e9moire\" role=\"img\" ><\/div>\n\t\t\t\t\t\t\t\t\t\t\t\t\t\t<\/div>\n\t\t\t\t\t<\/div>\n\t\t\t\t\t<\/div>\n\t\t\t\t<\/div>\n\t\t\t\t\t<\/div>\n\t\t<\/div>\n\t\t\t\t\t<\/div>\n\t\t<\/section>\n\t\t\t\t<\/div>\n\t\t","protected":false},"excerpt":{"rendered":"<p>Fabrique de la M\u00e9moire collective Quel est ce projet ? Pour nous, les villes changent, des quartiers, comme celui de la Bourgogne, se transforment et le r\u00f4le des politiques publiques &#8211; que ce soient celles de l&rsquo;\u00c9tat ou des collectivit\u00e9s territoriales &#8211; est de veiller \u00e0 ce qu&rsquo;elles soient b\u00e9n\u00e9fiques \u00e0 leurs habitants. Cependant, ce [&hellip;]<\/p>\n","protected":false},"author":4,"featured_media":0,"parent":0,"menu_order":0,"comment_status":"closed","ping_status":"closed","template":"elementor_header_footer","meta":{"footnotes":""},"class_list":["post-685","page","type-page","status-publish","hentry"],"yoast_head":"<!-- This site is optimized with the Yoast SEO plugin v27.0 - https:\/\/yoast.com\/product\/yoast-seo-wordpress\/ -->\n<title>la fabrique de la m\u00e9moire collective - Centre Social et Culturel Bourgogne<\/title>\n<meta name=\"description\" content=\"La fabrique de la m\u00e9moire collective a \u00e9t\u00e9 cr\u00e9\u00e9e pour garder en m\u00e9moire le pass\u00e9 des lieux lorsqu&#039;un quartier se transforme.\" \/>\n<meta name=\"robots\" content=\"index, follow, max-snippet:-1, max-image-preview:large, max-video-preview:-1\" \/>\n<link rel=\"canonical\" href=\"https:\/\/csbpn.org\/index.php\/blog-memoire\/\" \/>\n<meta property=\"og:locale\" content=\"fr_FR\" \/>\n<meta property=\"og:type\" content=\"article\" \/>\n<meta property=\"og:title\" content=\"la fabrique de la m\u00e9moire collective - Centre Social et Culturel Bourgogne\" \/>\n<meta property=\"og:description\" content=\"La fabrique de la m\u00e9moire collective a \u00e9t\u00e9 cr\u00e9\u00e9e pour garder en m\u00e9moire le pass\u00e9 des lieux lorsqu&#039;un quartier se transforme.\" \/>\n<meta property=\"og:url\" content=\"https:\/\/csbpn.org\/index.php\/blog-memoire\/\" \/>\n<meta property=\"og:site_name\" content=\"Centre Social et Culturel Bourgogne\" \/>\n<meta property=\"article:modified_time\" content=\"2021-09-27T13:38:46+00:00\" \/>\n<meta name=\"twitter:card\" content=\"summary_large_image\" \/>\n<meta name=\"twitter:label1\" content=\"Dur\u00e9e de lecture estim\u00e9e\" \/>\n\t<meta name=\"twitter:data1\" content=\"2 minutes\" \/>\n<script type=\"application\/ld+json\" class=\"yoast-schema-graph\">{\"@context\":\"https:\/\/schema.org\",\"@graph\":[{\"@type\":\"WebPage\",\"@id\":\"https:\/\/csbpn.org\/index.php\/blog-memoire\/\",\"url\":\"https:\/\/csbpn.org\/index.php\/blog-memoire\/\",\"name\":\"la fabrique de la m\u00e9moire collective - Centre Social et Culturel Bourgogne\",\"isPartOf\":{\"@id\":\"https:\/\/csbpn.org\/#website\"},\"datePublished\":\"2021-03-22T15:14:41+00:00\",\"dateModified\":\"2021-09-27T13:38:46+00:00\",\"description\":\"La fabrique de la m\u00e9moire collective a \u00e9t\u00e9 cr\u00e9\u00e9e pour garder en m\u00e9moire le pass\u00e9 des lieux lorsqu'un quartier se transforme.\",\"breadcrumb\":{\"@id\":\"https:\/\/csbpn.org\/index.php\/blog-memoire\/#breadcrumb\"},\"inLanguage\":\"fr-FR\",\"potentialAction\":[{\"@type\":\"ReadAction\",\"target\":[\"https:\/\/csbpn.org\/index.php\/blog-memoire\/\"]}]},{\"@type\":\"BreadcrumbList\",\"@id\":\"https:\/\/csbpn.org\/index.php\/blog-memoire\/#breadcrumb\",\"itemListElement\":[{\"@type\":\"ListItem\",\"position\":1,\"name\":\"Home\",\"item\":\"https:\/\/csbpn.org\/\"},{\"@type\":\"ListItem\",\"position\":2,\"name\":\"Blog m\u00e9moire\"}]},{\"@type\":\"WebSite\",\"@id\":\"https:\/\/csbpn.org\/#website\",\"url\":\"https:\/\/csbpn.org\/\",\"name\":\"Centre Social et Culturel Bourgogne\",\"description\":\"Cr\u00e9ons des liens, b\u00e2tissons l&#039;avenir ensemble\",\"publisher\":{\"@id\":\"https:\/\/csbpn.org\/#organization\"},\"potentialAction\":[{\"@type\":\"SearchAction\",\"target\":{\"@type\":\"EntryPoint\",\"urlTemplate\":\"https:\/\/csbpn.org\/?s={search_term_string}\"},\"query-input\":{\"@type\":\"PropertyValueSpecification\",\"valueRequired\":true,\"valueName\":\"search_term_string\"}}],\"inLanguage\":\"fr-FR\"},{\"@type\":\"Organization\",\"@id\":\"https:\/\/csbpn.org\/#organization\",\"name\":\"Centre Social et Culturel Bourgogne\",\"url\":\"https:\/\/csbpn.org\/\",\"logo\":{\"@type\":\"ImageObject\",\"inLanguage\":\"fr-FR\",\"@id\":\"https:\/\/csbpn.org\/#\/schema\/logo\/image\/\",\"url\":\"https:\/\/csbpn.org\/wp-content\/uploads\/2025\/10\/cropped-LOGO-8.png\",\"contentUrl\":\"https:\/\/csbpn.org\/wp-content\/uploads\/2025\/10\/cropped-LOGO-8.png\",\"width\":500,\"height\":394,\"caption\":\"Centre Social et Culturel Bourgogne\"},\"image\":{\"@id\":\"https:\/\/csbpn.org\/#\/schema\/logo\/image\/\"}}]}<\/script>\n<!-- \/ Yoast SEO plugin. -->","yoast_head_json":{"title":"la fabrique de la m\u00e9moire collective - Centre Social et Culturel Bourgogne","description":"La fabrique de la m\u00e9moire collective a \u00e9t\u00e9 cr\u00e9\u00e9e pour garder en m\u00e9moire le pass\u00e9 des lieux lorsqu'un quartier se transforme.","robots":{"index":"index","follow":"follow","max-snippet":"max-snippet:-1","max-image-preview":"max-image-preview:large","max-video-preview":"max-video-preview:-1"},"canonical":"https:\/\/csbpn.org\/index.php\/blog-memoire\/","og_locale":"fr_FR","og_type":"article","og_title":"la fabrique de la m\u00e9moire collective - Centre Social et Culturel Bourgogne","og_description":"La fabrique de la m\u00e9moire collective a \u00e9t\u00e9 cr\u00e9\u00e9e pour garder en m\u00e9moire le pass\u00e9 des lieux lorsqu'un quartier se transforme.","og_url":"https:\/\/csbpn.org\/index.php\/blog-memoire\/","og_site_name":"Centre Social et Culturel Bourgogne","article_modified_time":"2021-09-27T13:38:46+00:00","twitter_card":"summary_large_image","twitter_misc":{"Dur\u00e9e de lecture estim\u00e9e":"2 minutes"},"schema":{"@context":"https:\/\/schema.org","@graph":[{"@type":"WebPage","@id":"https:\/\/csbpn.org\/index.php\/blog-memoire\/","url":"https:\/\/csbpn.org\/index.php\/blog-memoire\/","name":"la fabrique de la m\u00e9moire collective - Centre Social et Culturel Bourgogne","isPartOf":{"@id":"https:\/\/csbpn.org\/#website"},"datePublished":"2021-03-22T15:14:41+00:00","dateModified":"2021-09-27T13:38:46+00:00","description":"La fabrique de la m\u00e9moire collective a \u00e9t\u00e9 cr\u00e9\u00e9e pour garder en m\u00e9moire le pass\u00e9 des lieux lorsqu'un quartier se transforme.","breadcrumb":{"@id":"https:\/\/csbpn.org\/index.php\/blog-memoire\/#breadcrumb"},"inLanguage":"fr-FR","potentialAction":[{"@type":"ReadAction","target":["https:\/\/csbpn.org\/index.php\/blog-memoire\/"]}]},{"@type":"BreadcrumbList","@id":"https:\/\/csbpn.org\/index.php\/blog-memoire\/#breadcrumb","itemListElement":[{"@type":"ListItem","position":1,"name":"Home","item":"https:\/\/csbpn.org\/"},{"@type":"ListItem","position":2,"name":"Blog m\u00e9moire"}]},{"@type":"WebSite","@id":"https:\/\/csbpn.org\/#website","url":"https:\/\/csbpn.org\/","name":"Centre Social et Culturel Bourgogne","description":"Cr\u00e9ons des liens, b\u00e2tissons l&#039;avenir ensemble","publisher":{"@id":"https:\/\/csbpn.org\/#organization"},"potentialAction":[{"@type":"SearchAction","target":{"@type":"EntryPoint","urlTemplate":"https:\/\/csbpn.org\/?s={search_term_string}"},"query-input":{"@type":"PropertyValueSpecification","valueRequired":true,"valueName":"search_term_string"}}],"inLanguage":"fr-FR"},{"@type":"Organization","@id":"https:\/\/csbpn.org\/#organization","name":"Centre Social et Culturel Bourgogne","url":"https:\/\/csbpn.org\/","logo":{"@type":"ImageObject","inLanguage":"fr-FR","@id":"https:\/\/csbpn.org\/#\/schema\/logo\/image\/","url":"https:\/\/csbpn.org\/wp-content\/uploads\/2025\/10\/cropped-LOGO-8.png","contentUrl":"https:\/\/csbpn.org\/wp-content\/uploads\/2025\/10\/cropped-LOGO-8.png","width":500,"height":394,"caption":"Centre Social et Culturel Bourgogne"},"image":{"@id":"https:\/\/csbpn.org\/#\/schema\/logo\/image\/"}}]}},"_links":{"self":[{"href":"https:\/\/csbpn.org\/index.php\/wp-json\/wp\/v2\/pages\/685","targetHints":{"allow":["GET"]}}],"collection":[{"href":"https:\/\/csbpn.org\/index.php\/wp-json\/wp\/v2\/pages"}],"about":[{"href":"https:\/\/csbpn.org\/index.php\/wp-json\/wp\/v2\/types\/page"}],"author":[{"embeddable":true,"href":"https:\/\/csbpn.org\/index.php\/wp-json\/wp\/v2\/users\/4"}],"replies":[{"embeddable":true,"href":"https:\/\/csbpn.org\/index.php\/wp-json\/wp\/v2\/comments?post=685"}],"version-history":[{"count":30,"href":"https:\/\/csbpn.org\/index.php\/wp-json\/wp\/v2\/pages\/685\/revisions"}],"predecessor-version":[{"id":1642,"href":"https:\/\/csbpn.org\/index.php\/wp-json\/wp\/v2\/pages\/685\/revisions\/1642"}],"wp:attachment":[{"href":"https:\/\/csbpn.org\/index.php\/wp-json\/wp\/v2\/media?parent=685"}],"curies":[{"name":"wp","href":"https:\/\/api.w.org\/{rel}","templated":true}]}}