{"id":499,"date":"2021-03-12T11:06:38","date_gmt":"2021-03-12T10:06:38","guid":{"rendered":"http:\/\/csbpn.org\/?page_id=499"},"modified":"2025-06-11T11:51:58","modified_gmt":"2025-06-11T09:51:58","slug":"plie","status":"publish","type":"page","link":"https:\/\/csbpn.org\/index.php\/insertion-sociale-et-professionnelle\/plie\/","title":{"rendered":"PLIE"},"content":{"rendered":"\t\t<div data-elementor-type=\"wp-page\" data-elementor-id=\"499\" class=\"elementor elementor-499\" data-elementor-post-type=\"page\">\n\t\t\t\t\t\t<section class=\"elementor-section elementor-top-section elementor-element elementor-element-3a45502 elementor-section-height-min-height elementor-section-boxed elementor-section-height-default elementor-section-items-middle\" data-id=\"3a45502\" data-element_type=\"section\" data-e-type=\"section\" data-settings=\"{&quot;background_background&quot;:&quot;classic&quot;}\">\n\t\t\t\t\t\t\t<div class=\"elementor-background-overlay\"><\/div>\n\t\t\t\t\t\t\t<div class=\"elementor-container elementor-column-gap-default\">\n\t\t\t\t\t<div class=\"elementor-column elementor-col-100 elementor-top-column elementor-element elementor-element-265d224\" data-id=\"265d224\" data-element_type=\"column\" data-e-type=\"column\">\n\t\t\t<div class=\"elementor-widget-wrap elementor-element-populated\">\n\t\t\t\t\t\t<div class=\"elementor-element elementor-element-7b0991ca elementor-widget elementor-widget-heading\" data-id=\"7b0991ca\" data-element_type=\"widget\" data-e-type=\"widget\" data-widget_type=\"heading.default\">\n\t\t\t\t<div class=\"elementor-widget-container\">\n\t\t\t\t\t<h2 class=\"elementor-heading-title elementor-size-large\">Plan Local d\u2019Insertion par l\u2019Emploi<\/h2>\t\t\t\t<\/div>\n\t\t\t\t<\/div>\n\t\t\t\t<div class=\"elementor-element elementor-element-7754185d elementor-widget-divider--view-line elementor-widget elementor-widget-divider\" data-id=\"7754185d\" data-element_type=\"widget\" data-e-type=\"widget\" data-widget_type=\"divider.default\">\n\t\t\t\t<div class=\"elementor-widget-container\">\n\t\t\t\t\t\t\t<div class=\"elementor-divider\">\n\t\t\t<span class=\"elementor-divider-separator\">\n\t\t\t\t\t\t<\/span>\n\t\t<\/div>\n\t\t\t\t\t\t<\/div>\n\t\t\t\t<\/div>\n\t\t\t\t\t<\/div>\n\t\t<\/div>\n\t\t\t\t\t<\/div>\n\t\t<\/section>\n\t\t\t\t<section class=\"elementor-section elementor-top-section elementor-element elementor-element-7cfc075a elementor-section-height-min-height elementor-section-content-middle elementor-section-boxed elementor-section-height-default elementor-section-items-middle\" data-id=\"7cfc075a\" data-element_type=\"section\" data-e-type=\"section\" data-settings=\"{&quot;background_background&quot;:&quot;classic&quot;}\">\n\t\t\t\t\t\t<div class=\"elementor-container elementor-column-gap-default\">\n\t\t\t\t\t<div class=\"elementor-column elementor-col-50 elementor-top-column elementor-element elementor-element-31cb65c3\" data-id=\"31cb65c3\" data-element_type=\"column\" data-e-type=\"column\">\n\t\t\t<div class=\"elementor-widget-wrap elementor-element-populated\">\n\t\t\t\t\t\t<div class=\"elementor-element elementor-element-2c663a8d elementor-widget-divider--view-line elementor-widget elementor-widget-divider\" data-id=\"2c663a8d\" data-element_type=\"widget\" data-e-type=\"widget\" data-widget_type=\"divider.default\">\n\t\t\t\t<div class=\"elementor-widget-container\">\n\t\t\t\t\t\t\t<div class=\"elementor-divider\">\n\t\t\t<span class=\"elementor-divider-separator\">\n\t\t\t\t\t\t<\/span>\n\t\t<\/div>\n\t\t\t\t\t\t<\/div>\n\t\t\t\t<\/div>\n\t\t\t\t<div class=\"elementor-element elementor-element-8a116f9 elementor-widget elementor-widget-heading\" data-id=\"8a116f9\" data-element_type=\"widget\" data-e-type=\"widget\" data-widget_type=\"heading.default\">\n\t\t\t\t<div class=\"elementor-widget-container\">\n\t\t\t\t\t<h3 class=\"elementor-heading-title elementor-size-large\">D\u2019autres Services d\u2019Aide au retour \u00e0 l\u2019Emploi en lien avec le PLIE<\/h3>\t\t\t\t<\/div>\n\t\t\t\t<\/div>\n\t\t\t\t<div class=\"elementor-element elementor-element-733331bb elementor-widget elementor-widget-text-editor\" data-id=\"733331bb\" data-element_type=\"widget\" data-e-type=\"widget\" data-widget_type=\"text-editor.default\">\n\t\t\t\t<div class=\"elementor-widget-container\">\n\t\t\t\t\t\t\t\t\t<p><em>&nbsp;(Plan Local d\u2019Insertion par l\u2019Emploi)<\/em><\/p>\n<p><b>&nbsp;Pour accompagner \u00e0 l\u2019emploi via&nbsp;:<\/b><\/p>\n<ul>\n<li><span style=\"font-weight: 400;\">Des actions de m\u00e9diation et d\u2019Accompagnement \u00e0 l\u2019emploi<\/span><\/li>\n<li style=\"font-weight: 400;\" aria-level=\"1\"><span style=\"font-weight: 400;\">Des entretiens individuels et\/ou collectifs en vue de d\u00e9terminer les possibilit\u00e9s et besoins pour la r\u00e9alisation du projet professionnel<\/span><\/li>\n<li style=\"font-weight: 400;\" aria-level=\"1\"><span style=\"font-weight: 400;\">L\u2019exploration des diff\u00e9rentes possibilit\u00e9s offertes au Plan Local de l\u2019Emploi<\/span><\/li>\n<li style=\"font-weight: 400;\" aria-level=\"1\"><span style=\"font-weight: 400;\">Les liaisons avec les partenaires des dispositifs de mise \u00e0 l\u2019emploi, des m\u00e9tiers, des formations&nbsp;<\/span><\/li>\n<li style=\"font-weight: 400;\" aria-level=\"1\"><span style=\"font-weight: 400;\">Des nouvelles perspectives d\u2019orientation professionnelle ou de confirmation de choix professionnels<\/span><\/li>\n<li style=\"font-weight: 400;\" aria-level=\"1\"><span style=\"font-weight: 400;\">Faire \u00e9merger les ressources du demandeur d\u2019emploi pour l\u2019accompagner dans une dynamique co-coconstruite afin d\u2019\u00e9tablir un plan d\u2019action<\/span><\/li>\n<\/ul>\n<p><b>Pour int\u00e9grer le PLIE, vous devez cocher un des crit\u00e8res suivants&nbsp;:<\/b><\/p>\n<ul>\n<li style=\"font-weight: 400;\" aria-level=\"1\"><span style=\"font-weight: 400;\">&nbsp;<\/span><span style=\"font-weight: 400;\">&nbsp;\u00catre demandeur d\u2019emploi de longue dur\u00e9e (sup\u00e9rieur \u00e0 12 mois d\u2019inscription)<\/span><\/li>\n<li style=\"font-weight: 400;\" aria-level=\"1\"><span style=\"font-weight: 400;\">&nbsp;<\/span><span style=\"font-weight: 400;\">&nbsp;Avoir + de 25 ans<\/span><\/li>\n<li style=\"font-weight: 400;\" aria-level=\"1\"><span style=\"font-weight: 400;\">&nbsp;<\/span><span style=\"font-weight: 400;\">\u00catre allocataire des minima sociaux<\/span><\/li>\n<li style=\"font-weight: 400;\" aria-level=\"1\"><span style=\"font-weight: 400;\">&nbsp;&nbsp;<\/span><span style=\"font-weight: 400;\">R\u00e9sider dans un des quartiers prioritaires de la ville<\/span><\/li>\n<li style=\"font-weight: 400;\" aria-level=\"1\"><span style=\"font-weight: 400;\">&nbsp;&nbsp;<\/span><span style=\"font-weight: 400;\">Personne ayant une reconnaissance \u00ab&nbsp;Travailleurs Handicap\u00e9s&nbsp;\u00bb ou ayant plus de 50 ans<\/span><\/li>\n<li style=\"font-weight: 400;\" aria-level=\"1\">\n<p><span style=\"font-weight: 400;\">&nbsp;&nbsp;<\/span><span style=\"font-weight: 400;\">Demandeurs d\u2019emploi en grande difficult\u00e9 sociale<\/span><\/p>\n<\/li>\n<li style=\"font-weight: 400;\" aria-level=\"1\">\n<p>Toute personne sans emploi rencontrant des difficult\u00e9s d\u2019insertion&nbsp;<\/p>\n<p>professionnelle&nbsp; &nbsp;<\/p>\n<\/li>\n<\/ul>\n<div>L&rsquo;Europe soutient le parcours d&rsquo;accompagnement port\u00e9 par le Centre Social pour favoriser l&#8217;employabilit\u00e9 et l&rsquo;inclusion active des publics fragilis\u00e9s.&nbsp;<br><\/div>\n<p><br><\/p>\n<p>Avec notamment le soutien de l&rsquo;Union europ\u00e9enne, le Centre Social de la Bourgogne met en place diverses actions pour accompagner des b\u00e9n\u00e9ficiaires orient\u00e9s par le PLIE de Tourcoing &#8211; Maison de l&rsquo;Emploi vers\/ dans l&#8217;emploi. Les actions propos\u00e9es sont en lien avec des partenaires emploi, comme France Travail, et les organismes sp\u00e9cialis\u00e9s pour offrir des contrats aid\u00e9s, des \u00e9valuations de comp\u00e9tences et des formations.&nbsp;<\/p><p>Avec pour objectifs des issues positives, en d\u00e9finissant les \u00e9tapes de parcours, en identifiant les freins et en \u00e9valuent les marges de progression.&nbsp;<\/p><p><br><\/p><p>Dur\u00e9e : 01\/01\/2024 au 31\/12\/2023<\/p>\n<div><strong>&nbsp;<\/strong><\/div>\t\t\t\t\t\t\t\t<\/div>\n\t\t\t\t<\/div>\n\t\t\t\t\t<\/div>\n\t\t<\/div>\n\t\t\t\t<div class=\"elementor-column elementor-col-50 elementor-top-column elementor-element elementor-element-329bf6a\" data-id=\"329bf6a\" data-element_type=\"column\" data-e-type=\"column\">\n\t\t\t<div class=\"elementor-widget-wrap elementor-element-populated\">\n\t\t\t\t\t\t<div class=\"elementor-element elementor-element-125eb2a elementor-widget elementor-widget-image\" data-id=\"125eb2a\" data-element_type=\"widget\" data-e-type=\"widget\" data-widget_type=\"image.default\">\n\t\t\t\t<div class=\"elementor-widget-container\">\n\t\t\t\t\t\t\t\t\t\t\t\t\t\t\t<img fetchpriority=\"high\" decoding=\"async\" width=\"580\" height=\"773\" src=\"https:\/\/csbpn.org\/wp-content\/uploads\/2021\/04\/20190521_153501-768x1024.jpg\" class=\"attachment-large size-large wp-image-1028\" alt=\"Insertion sociale et professionelle-PLIE\" srcset=\"https:\/\/csbpn.org\/wp-content\/uploads\/2021\/04\/20190521_153501-768x1024.jpg 768w, https:\/\/csbpn.org\/wp-content\/uploads\/2021\/04\/20190521_153501-225x300.jpg 225w, https:\/\/csbpn.org\/wp-content\/uploads\/2021\/04\/20190521_153501-1152x1536.jpg 1152w, https:\/\/csbpn.org\/wp-content\/uploads\/2021\/04\/20190521_153501-1536x2048.jpg 1536w, https:\/\/csbpn.org\/wp-content\/uploads\/2021\/04\/20190521_153501-1200x1600.jpg 1200w, https:\/\/csbpn.org\/wp-content\/uploads\/2021\/04\/20190521_153501-1980x2640.jpg 1980w, https:\/\/csbpn.org\/wp-content\/uploads\/2021\/04\/20190521_153501-scaled.jpg 1920w\" sizes=\"(max-width: 580px) 100vw, 580px\" \/>\t\t\t\t\t\t\t\t\t\t\t\t\t\t\t<\/div>\n\t\t\t\t<\/div>\n\t\t\t\t\t<\/div>\n\t\t<\/div>\n\t\t\t\t\t<\/div>\n\t\t<\/section>\n\t\t\t\t<\/div>\n\t\t","protected":false},"excerpt":{"rendered":"<p>Plan Local d\u2019Insertion par l\u2019Emploi D\u2019autres Services d\u2019Aide au retour \u00e0 l\u2019Emploi en lien avec le PLIE \u00a0(Plan Local d\u2019Insertion par l\u2019Emploi) \u00a0Pour accompagner \u00e0 l\u2019emploi via\u00a0: Des actions de m\u00e9diation et d\u2019Accompagnement \u00e0 l\u2019emploi Des entretiens individuels et\/ou collectifs en vue de d\u00e9terminer les possibilit\u00e9s et besoins pour la r\u00e9alisation du projet professionnel L\u2019exploration [&hellip;]<\/p>\n","protected":false},"author":4,"featured_media":0,"parent":492,"menu_order":0,"comment_status":"closed","ping_status":"closed","template":"","meta":{"footnotes":""},"class_list":["post-499","page","type-page","status-publish","hentry"],"yoast_head":"<!-- This site is optimized with the Yoast SEO plugin v27.0 - https:\/\/yoast.com\/product\/yoast-seo-wordpress\/ -->\n<title>Plan local d&#039;insertion par l&#039;emploi - Centre Social et Culturel Bourgogne<\/title>\n<meta name=\"description\" content=\"Votre Centre Social CSBPN met \u00e0 disposition d&#039;autres services d&#039;aide au retour \u00e0 l&#039;emploi en lien avec le PLIE.\" \/>\n<meta name=\"robots\" content=\"index, follow, max-snippet:-1, max-image-preview:large, max-video-preview:-1\" \/>\n<link rel=\"canonical\" href=\"https:\/\/csbpn.org\/index.php\/insertion-sociale-et-professionnelle\/plie\/\" \/>\n<meta property=\"og:locale\" content=\"fr_FR\" \/>\n<meta property=\"og:type\" content=\"article\" \/>\n<meta property=\"og:title\" content=\"Plan local d&#039;insertion par l&#039;emploi - Centre Social et Culturel Bourgogne\" \/>\n<meta property=\"og:description\" content=\"Votre Centre Social CSBPN met \u00e0 disposition d&#039;autres services d&#039;aide au retour \u00e0 l&#039;emploi en lien avec le PLIE.\" \/>\n<meta property=\"og:url\" content=\"https:\/\/csbpn.org\/index.php\/insertion-sociale-et-professionnelle\/plie\/\" \/>\n<meta property=\"og:site_name\" content=\"Centre Social et Culturel Bourgogne\" \/>\n<meta property=\"article:modified_time\" content=\"2025-06-11T09:51:58+00:00\" \/>\n<meta property=\"og:image\" content=\"https:\/\/csbpn.org\/wp-content\/uploads\/2021\/04\/20190521_153501-768x1024.jpg\" \/>\n<meta name=\"twitter:card\" content=\"summary_large_image\" \/>\n<meta name=\"twitter:label1\" content=\"Dur\u00e9e de lecture estim\u00e9e\" \/>\n\t<meta name=\"twitter:data1\" content=\"2 minutes\" \/>\n<script type=\"application\/ld+json\" class=\"yoast-schema-graph\">{\"@context\":\"https:\/\/schema.org\",\"@graph\":[{\"@type\":\"WebPage\",\"@id\":\"https:\/\/csbpn.org\/index.php\/insertion-sociale-et-professionnelle\/plie\/\",\"url\":\"https:\/\/csbpn.org\/index.php\/insertion-sociale-et-professionnelle\/plie\/\",\"name\":\"Plan local d'insertion par l'emploi - Centre Social et Culturel Bourgogne\",\"isPartOf\":{\"@id\":\"https:\/\/csbpn.org\/#website\"},\"primaryImageOfPage\":{\"@id\":\"https:\/\/csbpn.org\/index.php\/insertion-sociale-et-professionnelle\/plie\/#primaryimage\"},\"image\":{\"@id\":\"https:\/\/csbpn.org\/index.php\/insertion-sociale-et-professionnelle\/plie\/#primaryimage\"},\"thumbnailUrl\":\"https:\/\/csbpn.org\/wp-content\/uploads\/2021\/04\/20190521_153501-768x1024.jpg\",\"datePublished\":\"2021-03-12T10:06:38+00:00\",\"dateModified\":\"2025-06-11T09:51:58+00:00\",\"description\":\"Votre Centre Social CSBPN met \u00e0 disposition d'autres services d'aide au retour \u00e0 l'emploi en lien avec le PLIE.\",\"breadcrumb\":{\"@id\":\"https:\/\/csbpn.org\/index.php\/insertion-sociale-et-professionnelle\/plie\/#breadcrumb\"},\"inLanguage\":\"fr-FR\",\"potentialAction\":[{\"@type\":\"ReadAction\",\"target\":[\"https:\/\/csbpn.org\/index.php\/insertion-sociale-et-professionnelle\/plie\/\"]}]},{\"@type\":\"ImageObject\",\"inLanguage\":\"fr-FR\",\"@id\":\"https:\/\/csbpn.org\/index.php\/insertion-sociale-et-professionnelle\/plie\/#primaryimage\",\"url\":\"https:\/\/csbpn.org\/wp-content\/uploads\/2021\/04\/20190521_153501-768x1024.jpg\",\"contentUrl\":\"https:\/\/csbpn.org\/wp-content\/uploads\/2021\/04\/20190521_153501-768x1024.jpg\"},{\"@type\":\"BreadcrumbList\",\"@id\":\"https:\/\/csbpn.org\/index.php\/insertion-sociale-et-professionnelle\/plie\/#breadcrumb\",\"itemListElement\":[{\"@type\":\"ListItem\",\"position\":1,\"name\":\"Home\",\"item\":\"https:\/\/csbpn.org\/\"},{\"@type\":\"ListItem\",\"position\":2,\"name\":\"Insertion Sociale et Professionnelle &amp;\",\"item\":\"https:\/\/csbpn.org\/index.php\/insertion-sociale-et-professionnelle\/\"},{\"@type\":\"ListItem\",\"position\":3,\"name\":\"PLIE\"}]},{\"@type\":\"WebSite\",\"@id\":\"https:\/\/csbpn.org\/#website\",\"url\":\"https:\/\/csbpn.org\/\",\"name\":\"Centre Social et Culturel Bourgogne\",\"description\":\"Cr\u00e9ons des liens, b\u00e2tissons l&#039;avenir ensemble\",\"publisher\":{\"@id\":\"https:\/\/csbpn.org\/#organization\"},\"potentialAction\":[{\"@type\":\"SearchAction\",\"target\":{\"@type\":\"EntryPoint\",\"urlTemplate\":\"https:\/\/csbpn.org\/?s={search_term_string}\"},\"query-input\":{\"@type\":\"PropertyValueSpecification\",\"valueRequired\":true,\"valueName\":\"search_term_string\"}}],\"inLanguage\":\"fr-FR\"},{\"@type\":\"Organization\",\"@id\":\"https:\/\/csbpn.org\/#organization\",\"name\":\"Centre Social et Culturel Bourgogne\",\"url\":\"https:\/\/csbpn.org\/\",\"logo\":{\"@type\":\"ImageObject\",\"inLanguage\":\"fr-FR\",\"@id\":\"https:\/\/csbpn.org\/#\/schema\/logo\/image\/\",\"url\":\"https:\/\/csbpn.org\/wp-content\/uploads\/2025\/10\/cropped-LOGO-8.png\",\"contentUrl\":\"https:\/\/csbpn.org\/wp-content\/uploads\/2025\/10\/cropped-LOGO-8.png\",\"width\":500,\"height\":394,\"caption\":\"Centre Social et Culturel Bourgogne\"},\"image\":{\"@id\":\"https:\/\/csbpn.org\/#\/schema\/logo\/image\/\"}}]}<\/script>\n<!-- \/ Yoast SEO plugin. -->","yoast_head_json":{"title":"Plan local d'insertion par l'emploi - Centre Social et Culturel Bourgogne","description":"Votre Centre Social CSBPN met \u00e0 disposition d'autres services d'aide au retour \u00e0 l'emploi en lien avec le PLIE.","robots":{"index":"index","follow":"follow","max-snippet":"max-snippet:-1","max-image-preview":"max-image-preview:large","max-video-preview":"max-video-preview:-1"},"canonical":"https:\/\/csbpn.org\/index.php\/insertion-sociale-et-professionnelle\/plie\/","og_locale":"fr_FR","og_type":"article","og_title":"Plan local d'insertion par l'emploi - Centre Social et Culturel Bourgogne","og_description":"Votre Centre Social CSBPN met \u00e0 disposition d'autres services d'aide au retour \u00e0 l'emploi en lien avec le PLIE.","og_url":"https:\/\/csbpn.org\/index.php\/insertion-sociale-et-professionnelle\/plie\/","og_site_name":"Centre Social et Culturel Bourgogne","article_modified_time":"2025-06-11T09:51:58+00:00","og_image":[{"url":"https:\/\/csbpn.org\/wp-content\/uploads\/2021\/04\/20190521_153501-768x1024.jpg","type":"","width":"","height":""}],"twitter_card":"summary_large_image","twitter_misc":{"Dur\u00e9e de lecture estim\u00e9e":"2 minutes"},"schema":{"@context":"https:\/\/schema.org","@graph":[{"@type":"WebPage","@id":"https:\/\/csbpn.org\/index.php\/insertion-sociale-et-professionnelle\/plie\/","url":"https:\/\/csbpn.org\/index.php\/insertion-sociale-et-professionnelle\/plie\/","name":"Plan local d'insertion par l'emploi - Centre Social et Culturel Bourgogne","isPartOf":{"@id":"https:\/\/csbpn.org\/#website"},"primaryImageOfPage":{"@id":"https:\/\/csbpn.org\/index.php\/insertion-sociale-et-professionnelle\/plie\/#primaryimage"},"image":{"@id":"https:\/\/csbpn.org\/index.php\/insertion-sociale-et-professionnelle\/plie\/#primaryimage"},"thumbnailUrl":"https:\/\/csbpn.org\/wp-content\/uploads\/2021\/04\/20190521_153501-768x1024.jpg","datePublished":"2021-03-12T10:06:38+00:00","dateModified":"2025-06-11T09:51:58+00:00","description":"Votre Centre Social CSBPN met \u00e0 disposition d'autres services d'aide au retour \u00e0 l'emploi en lien avec le PLIE.","breadcrumb":{"@id":"https:\/\/csbpn.org\/index.php\/insertion-sociale-et-professionnelle\/plie\/#breadcrumb"},"inLanguage":"fr-FR","potentialAction":[{"@type":"ReadAction","target":["https:\/\/csbpn.org\/index.php\/insertion-sociale-et-professionnelle\/plie\/"]}]},{"@type":"ImageObject","inLanguage":"fr-FR","@id":"https:\/\/csbpn.org\/index.php\/insertion-sociale-et-professionnelle\/plie\/#primaryimage","url":"https:\/\/csbpn.org\/wp-content\/uploads\/2021\/04\/20190521_153501-768x1024.jpg","contentUrl":"https:\/\/csbpn.org\/wp-content\/uploads\/2021\/04\/20190521_153501-768x1024.jpg"},{"@type":"BreadcrumbList","@id":"https:\/\/csbpn.org\/index.php\/insertion-sociale-et-professionnelle\/plie\/#breadcrumb","itemListElement":[{"@type":"ListItem","position":1,"name":"Home","item":"https:\/\/csbpn.org\/"},{"@type":"ListItem","position":2,"name":"Insertion Sociale et Professionnelle &amp;","item":"https:\/\/csbpn.org\/index.php\/insertion-sociale-et-professionnelle\/"},{"@type":"ListItem","position":3,"name":"PLIE"}]},{"@type":"WebSite","@id":"https:\/\/csbpn.org\/#website","url":"https:\/\/csbpn.org\/","name":"Centre Social et Culturel Bourgogne","description":"Cr\u00e9ons des liens, b\u00e2tissons l&#039;avenir ensemble","publisher":{"@id":"https:\/\/csbpn.org\/#organization"},"potentialAction":[{"@type":"SearchAction","target":{"@type":"EntryPoint","urlTemplate":"https:\/\/csbpn.org\/?s={search_term_string}"},"query-input":{"@type":"PropertyValueSpecification","valueRequired":true,"valueName":"search_term_string"}}],"inLanguage":"fr-FR"},{"@type":"Organization","@id":"https:\/\/csbpn.org\/#organization","name":"Centre Social et Culturel Bourgogne","url":"https:\/\/csbpn.org\/","logo":{"@type":"ImageObject","inLanguage":"fr-FR","@id":"https:\/\/csbpn.org\/#\/schema\/logo\/image\/","url":"https:\/\/csbpn.org\/wp-content\/uploads\/2025\/10\/cropped-LOGO-8.png","contentUrl":"https:\/\/csbpn.org\/wp-content\/uploads\/2025\/10\/cropped-LOGO-8.png","width":500,"height":394,"caption":"Centre Social et Culturel Bourgogne"},"image":{"@id":"https:\/\/csbpn.org\/#\/schema\/logo\/image\/"}}]}},"_links":{"self":[{"href":"https:\/\/csbpn.org\/index.php\/wp-json\/wp\/v2\/pages\/499","targetHints":{"allow":["GET"]}}],"collection":[{"href":"https:\/\/csbpn.org\/index.php\/wp-json\/wp\/v2\/pages"}],"about":[{"href":"https:\/\/csbpn.org\/index.php\/wp-json\/wp\/v2\/types\/page"}],"author":[{"embeddable":true,"href":"https:\/\/csbpn.org\/index.php\/wp-json\/wp\/v2\/users\/4"}],"replies":[{"embeddable":true,"href":"https:\/\/csbpn.org\/index.php\/wp-json\/wp\/v2\/comments?post=499"}],"version-history":[{"count":31,"href":"https:\/\/csbpn.org\/index.php\/wp-json\/wp\/v2\/pages\/499\/revisions"}],"predecessor-version":[{"id":2130,"href":"https:\/\/csbpn.org\/index.php\/wp-json\/wp\/v2\/pages\/499\/revisions\/2130"}],"up":[{"embeddable":true,"href":"https:\/\/csbpn.org\/index.php\/wp-json\/wp\/v2\/pages\/492"}],"wp:attachment":[{"href":"https:\/\/csbpn.org\/index.php\/wp-json\/wp\/v2\/media?parent=499"}],"curies":[{"name":"wp","href":"https:\/\/api.w.org\/{rel}","templated":true}]}}